{"id":1019,"date":"2023-02-20T09:19:55","date_gmt":"2023-02-20T08:19:55","guid":{"rendered":"http:\/\/mrvt.ch\/?post_type=event&#038;p=1019"},"modified":"2023-03-09T09:11:16","modified_gmt":"2023-03-09T08:11:16","slug":"journees-europeennes-du-patrimoine","status":"publish","type":"event","link":"https:\/\/mrvt.ch\/en\/events\/journees-europeennes-du-patrimoine\/","title":{"rendered":"Journ\u00e9es europ\u00e9ennes du patrimoine"},"content":{"rendered":"\n<p>Dans le canton de Neuch\u00e2tel, les <a href=\"https:\/\/www.ne.ch\/autorites\/DESC\/SCNE\/patrimoine\/Pages\/jep.aspx\" target=\"_blank\" rel=\"noreferrer noopener\">Journ\u00e9es europ\u00e9ennes du patrimoine <\/a>proposeront, les\u00a0<strong>9 et 10 septembre 2023<\/strong>, divers \u00e9v\u00e9nements et visites sur la th\u00e9matique du \u00ab\u00a0remploi\u00a0\u00bb et du \u00ab\u00a0reyclage\u00a0\u00bb.<\/p>\n\n\n\n<p>Le Mus\u00e9e des Mascarons se r\u00e9jouit d&#8217;y participer. Deux visites guid\u00e9es du Mus\u00e9e des Mascarons sont pr\u00e9vues, les 9 et 10 septembre \u00e0 15 heures. <\/p>\n","protected":false},"author":2,"featured_media":0,"template":"","event_category":[4],"class_list":["post-1019","event","type-event","status-publish","hentry","event_category-musee-des-mascarons"],"acf":[],"yoast_head":"<!-- This site is optimized with the Yoast SEO plugin v26.0 - https:\/\/yoast.com\/wordpress\/plugins\/seo\/ -->\n<title>Journ\u00e9es europ\u00e9ennes du patrimoine - Mus\u00e9e r\u00e9gional du Val-de-Travers<\/title>\n<meta name=\"robots\" content=\"index, follow, max-snippet:-1, max-image-preview:large, max-video-preview:-1\" \/>\n<link rel=\"canonical\" href=\"https:\/\/mrvt.ch\/en\/events\/journees-europeennes-du-patrimoine\/\" \/>\n<meta property=\"og:locale\" content=\"en_US\" \/>\n<meta property=\"og:type\" content=\"article\" \/>\n<meta property=\"og:title\" content=\"Journ\u00e9es europ\u00e9ennes du patrimoine - Mus\u00e9e r\u00e9gional du Val-de-Travers\" \/>\n<meta property=\"og:description\" content=\"Dans le canton de Neuch\u00e2tel, les Journ\u00e9es europ\u00e9ennes du patrimoine proposeront, les\u00a09 et 10 septembre 2023, divers \u00e9v\u00e9nements et visites sur la th\u00e9matique du \u00ab\u00a0remploi\u00a0\u00bb et du \u00ab\u00a0reyclage\u00a0\u00bb. Le Mus\u00e9e des Mascarons se r\u00e9jouit d&#8217;y participer. Deux visites guid\u00e9es du Mus\u00e9e des Mascarons sont pr\u00e9vues, les 9 et 10 septembre \u00e0 15 heures.\" \/>\n<meta property=\"og:url\" content=\"https:\/\/mrvt.ch\/en\/events\/journees-europeennes-du-patrimoine\/\" \/>\n<meta property=\"og:site_name\" content=\"Mus\u00e9e r\u00e9gional du Val-de-Travers\" \/>\n<meta property=\"article:modified_time\" content=\"2023-03-09T08:11:16+00:00\" \/>\n<meta name=\"twitter:card\" content=\"summary_large_image\" \/>\n<meta name=\"twitter:label1\" content=\"Est. reading time\" \/>\n\t<meta name=\"twitter:data1\" content=\"1 minute\" \/>\n<script type=\"application\/ld+json\" class=\"yoast-schema-graph\">{\"@context\":\"https:\/\/schema.org\",\"@graph\":[{\"@type\":\"WebPage\",\"@id\":\"https:\/\/mrvt.ch\/en\/events\/journees-europeennes-du-patrimoine\/\",\"url\":\"https:\/\/mrvt.ch\/en\/events\/journees-europeennes-du-patrimoine\/\",\"name\":\"Journ\u00e9es europ\u00e9ennes du patrimoine - Mus\u00e9e r\u00e9gional du Val-de-Travers\",\"isPartOf\":{\"@id\":\"https:\/\/mrvt.ch\/en\/#website\"},\"datePublished\":\"2023-02-20T08:19:55+00:00\",\"dateModified\":\"2023-03-09T08:11:16+00:00\",\"breadcrumb\":{\"@id\":\"https:\/\/mrvt.ch\/en\/events\/journees-europeennes-du-patrimoine\/#breadcrumb\"},\"inLanguage\":\"en-US\",\"potentialAction\":[{\"@type\":\"ReadAction\",\"target\":[\"https:\/\/mrvt.ch\/en\/events\/journees-europeennes-du-patrimoine\/\"]}]},{\"@type\":\"BreadcrumbList\",\"@id\":\"https:\/\/mrvt.ch\/en\/events\/journees-europeennes-du-patrimoine\/#breadcrumb\",\"itemListElement\":[{\"@type\":\"ListItem\",\"position\":1,\"name\":\"Accueil\",\"item\":\"https:\/\/mrvt.ch\/en\/\"},{\"@type\":\"ListItem\",\"position\":2,\"name\":\"Journ\u00e9es europ\u00e9ennes du patrimoine\"}]},{\"@type\":\"WebSite\",\"@id\":\"https:\/\/mrvt.ch\/en\/#website\",\"url\":\"https:\/\/mrvt.ch\/en\/\",\"name\":\"Mus\u00e9e r\u00e9gional du Val-de-Travers\",\"description\":\"\",\"potentialAction\":[{\"@type\":\"SearchAction\",\"target\":{\"@type\":\"EntryPoint\",\"urlTemplate\":\"https:\/\/mrvt.ch\/en\/?s={search_term_string}\"},\"query-input\":{\"@type\":\"PropertyValueSpecification\",\"valueRequired\":true,\"valueName\":\"search_term_string\"}}],\"inLanguage\":\"en-US\"}]}<\/script>\n<!-- \/ Yoast SEO plugin. -->","yoast_head_json":{"title":"Journ\u00e9es europ\u00e9ennes du patrimoine - Mus\u00e9e r\u00e9gional du Val-de-Travers","robots":{"index":"index","follow":"follow","max-snippet":"max-snippet:-1","max-image-preview":"max-image-preview:large","max-video-preview":"max-video-preview:-1"},"canonical":"https:\/\/mrvt.ch\/en\/events\/journees-europeennes-du-patrimoine\/","og_locale":"en_US","og_type":"article","og_title":"Journ\u00e9es europ\u00e9ennes du patrimoine - Mus\u00e9e r\u00e9gional du Val-de-Travers","og_description":"Dans le canton de Neuch\u00e2tel, les Journ\u00e9es europ\u00e9ennes du patrimoine proposeront, les\u00a09 et 10 septembre 2023, divers \u00e9v\u00e9nements et visites sur la th\u00e9matique du \u00ab\u00a0remploi\u00a0\u00bb et du \u00ab\u00a0reyclage\u00a0\u00bb. Le Mus\u00e9e des Mascarons se r\u00e9jouit d&#8217;y participer. Deux visites guid\u00e9es du Mus\u00e9e des Mascarons sont pr\u00e9vues, les 9 et 10 septembre \u00e0 15 heures.","og_url":"https:\/\/mrvt.ch\/en\/events\/journees-europeennes-du-patrimoine\/","og_site_name":"Mus\u00e9e r\u00e9gional du Val-de-Travers","article_modified_time":"2023-03-09T08:11:16+00:00","twitter_card":"summary_large_image","twitter_misc":{"Est. reading time":"1 minute"},"schema":{"@context":"https:\/\/schema.org","@graph":[{"@type":"WebPage","@id":"https:\/\/mrvt.ch\/en\/events\/journees-europeennes-du-patrimoine\/","url":"https:\/\/mrvt.ch\/en\/events\/journees-europeennes-du-patrimoine\/","name":"Journ\u00e9es europ\u00e9ennes du patrimoine - Mus\u00e9e r\u00e9gional du Val-de-Travers","isPartOf":{"@id":"https:\/\/mrvt.ch\/en\/#website"},"datePublished":"2023-02-20T08:19:55+00:00","dateModified":"2023-03-09T08:11:16+00:00","breadcrumb":{"@id":"https:\/\/mrvt.ch\/en\/events\/journees-europeennes-du-patrimoine\/#breadcrumb"},"inLanguage":"en-US","potentialAction":[{"@type":"ReadAction","target":["https:\/\/mrvt.ch\/en\/events\/journees-europeennes-du-patrimoine\/"]}]},{"@type":"BreadcrumbList","@id":"https:\/\/mrvt.ch\/en\/events\/journees-europeennes-du-patrimoine\/#breadcrumb","itemListElement":[{"@type":"ListItem","position":1,"name":"Accueil","item":"https:\/\/mrvt.ch\/en\/"},{"@type":"ListItem","position":2,"name":"Journ\u00e9es europ\u00e9ennes du patrimoine"}]},{"@type":"WebSite","@id":"https:\/\/mrvt.ch\/en\/#website","url":"https:\/\/mrvt.ch\/en\/","name":"Mus\u00e9e r\u00e9gional du Val-de-Travers","description":"","potentialAction":[{"@type":"SearchAction","target":{"@type":"EntryPoint","urlTemplate":"https:\/\/mrvt.ch\/en\/?s={search_term_string}"},"query-input":{"@type":"PropertyValueSpecification","valueRequired":true,"valueName":"search_term_string"}}],"inLanguage":"en-US"}]}},"_links":{"self":[{"href":"https:\/\/mrvt.ch\/en\/wp-json\/wp\/v2\/event\/1019","targetHints":{"allow":["GET"]}}],"collection":[{"href":"https:\/\/mrvt.ch\/en\/wp-json\/wp\/v2\/event"}],"about":[{"href":"https:\/\/mrvt.ch\/en\/wp-json\/wp\/v2\/types\/event"}],"author":[{"embeddable":true,"href":"https:\/\/mrvt.ch\/en\/wp-json\/wp\/v2\/users\/2"}],"wp:attachment":[{"href":"https:\/\/mrvt.ch\/en\/wp-json\/wp\/v2\/media?parent=1019"}],"wp:term":[{"taxonomy":"event_category","embeddable":true,"href":"https:\/\/mrvt.ch\/en\/wp-json\/wp\/v2\/event_category?post=1019"}],"curies":[{"name":"wp","href":"https:\/\/api.w.org\/{rel}","templated":true}]}}