{"version":"1.0","provider_name":"Mus\u00e9e r\u00e9gional du Val-de-Travers","provider_url":"https:\/\/mrvt.ch\/en\/","author_name":"mrvt","author_url":"https:\/\/mrvt.ch\/en\/author\/mrvt\/","title":"Journ\u00e9es europ\u00e9ennes du patrimoine - Mus\u00e9e r\u00e9gional du Val-de-Travers","type":"rich","width":600,"height":338,"html":"<blockquote class=\"wp-embedded-content\" data-secret=\"aBLJqZGTOp\"><a href=\"https:\/\/mrvt.ch\/en\/events\/journees-europeennes-du-patrimoine\/\">Journ\u00e9es europ\u00e9ennes du patrimoine<\/a><\/blockquote><iframe sandbox=\"allow-scripts\" security=\"restricted\" src=\"https:\/\/mrvt.ch\/en\/events\/journees-europeennes-du-patrimoine\/embed\/#?secret=aBLJqZGTOp\" width=\"600\" height=\"338\" title=\"&#8220;Journ\u00e9es europ\u00e9ennes du patrimoine&#8221; &#8212; Mus\u00e9e r\u00e9gional du Val-de-Travers\" data-secret=\"aBLJqZGTOp\" frameborder=\"0\" marginwidth=\"0\" marginheight=\"0\" scrolling=\"no\" class=\"wp-embedded-content\"><\/iframe><script type=\"text\/javascript\">\n\/* <![CDATA[ *\/\n\/*! This file is auto-generated *\/\n!function(d,l){\"use strict\";l.querySelector&&d.addEventListener&&\"undefined\"!=typeof URL&&(d.wp=d.wp||{},d.wp.receiveEmbedMessage||(d.wp.receiveEmbedMessage=function(e){var t=e.data;if((t||t.secret||t.message||t.value)&&!\/[^a-zA-Z0-9]\/.test(t.secret)){for(var s,r,n,a=l.querySelectorAll('iframe[data-secret=\"'+t.secret+'\"]'),o=l.querySelectorAll('blockquote[data-secret=\"'+t.secret+'\"]'),c=new RegExp(\"^https?:$\",\"i\"),i=0;i<o.length;i++)o[i].style.display=\"none\";for(i=0;i<a.length;i++)s=a[i],e.source===s.contentWindow&&(s.removeAttribute(\"style\"),\"height\"===t.message?(1e3<(r=parseInt(t.value,10))?r=1e3:~~r<200&&(r=200),s.height=r):\"link\"===t.message&&(r=new URL(s.getAttribute(\"src\")),n=new URL(t.value),c.test(n.protocol))&&n.host===r.host&&l.activeElement===s&&(d.top.location.href=t.value))}},d.addEventListener(\"message\",d.wp.receiveEmbedMessage,!1),l.addEventListener(\"DOMContentLoaded\",function(){for(var e,t,s=l.querySelectorAll(\"iframe.wp-embedded-content\"),r=0;r<s.length;r++)(t=(e=s[r]).getAttribute(\"data-secret\"))||(t=Math.random().toString(36).substring(2,12),e.src+=\"#?secret=\"+t,e.setAttribute(\"data-secret\",t)),e.contentWindow.postMessage({message:\"ready\",secret:t},\"*\")},!1)))}(window,document);\n\/* ]]> *\/\n<\/script>\n","description":"Dans le canton de Neuch\u00e2tel, les Journ\u00e9es europ\u00e9ennes du patrimoine proposeront, les\u00a09 et 10 septembre 2023, divers \u00e9v\u00e9nements et visites sur la th\u00e9matique du \u00ab\u00a0remploi\u00a0\u00bb et du \u00ab\u00a0reyclage\u00a0\u00bb. Le Mus\u00e9e des Mascarons se r\u00e9jouit d&#8217;y participer. Deux visites guid\u00e9es du Mus\u00e9e des Mascarons sont pr\u00e9vues, les 9 et 10 septembre \u00e0 15 heures."}